{"id":497,"date":"2024-07-22T15:46:31","date_gmt":"2024-07-22T13:46:31","guid":{"rendered":"https:\/\/sybillemarvin.com\/?post_type=product&#038;p=497"},"modified":"2024-07-23T18:26:56","modified_gmt":"2024-07-23T16:26:56","slug":"l_etincelle_de_la_vie_feelgood","status":"publish","type":"product","link":"https:\/\/sybillemarvin.com\/index.php\/produit\/l_etincelle_de_la_vie_feelgood\/","title":{"rendered":"L\u2019\u00e9tincelle de la vie"},"content":{"rendered":"<p><strong><span class=\"a-text-italic\">Feelgood sur le th\u00e8me de la maladie auto-immune<br \/>\n<\/span><\/strong><em><span class=\"a-text-italic\"><br \/>\nFace aux d\u00e9fis de la vie, aller vers la douceur\u2026<\/span><\/em><\/p>\n<p>Marion a tout pour \u00eatre heureuse : une\u00a0<strong><span class=\"a-text-bold\">boutique de mode<\/span><\/strong>\u00a0dans la vieille ville d\u2019Antibes, une<strong>\u00a0<span class=\"a-text-bold\">relation amoureuse<\/span><\/strong>\u00a0depuis plus d\u2019un an avec Thomas, un coach sportif sexy, une\u00a0<span class=\"a-text-bold\">meilleure amie en or<\/span>\u00a0avec qui elle partage de folles soir\u00e9es filles\u2026<\/p>\n<p>Quand elle apprend qu\u2019elle est atteinte d\u2019une\u00a0<strong><span class=\"a-text-bold\">maladie auto-immune<\/span><\/strong>\u00a0et que\u00a0<strong><span class=\"a-text-bold\">l\u2019homme qu\u2019elle aime la quitte<\/span><\/strong>, tout s\u2019effondre. Tr\u00e8s vite, elle comprend avec angoisse que sa sant\u00e9 impose de nombreux changements dans son quotidien.<\/p>\n<p>Bouscul\u00e9e par ses \u00e9motions, perturb\u00e9e par cette maladie avec qui elle refuse de cohabiter, elle perd sa joie de vivre.<\/p>\n<p>Mais<strong>\u00a0<span class=\"a-text-bold\">l\u2019amiti\u00e9 de Clarisse<\/span><\/strong>, sa p\u00e9tillante meilleure amie, et\u00a0<strong><span class=\"a-text-bold\">les rencontres<\/span><\/strong>\u00a0que la vie mettra sur sa route lui permettront de remonter la pente et de\u00a0<span class=\"a-text-bold\"><strong>retrouver<\/strong>\u2026 <strong>l\u2019\u00e9tincelle de la vie<\/strong> !<\/span><\/p>\n","protected":false},"excerpt":{"rendered":"<p>Feelgood sur le th\u00e8me de la maladie auto-immune Face aux d\u00e9fis de la vie, aller vers la douceur\u2026 Marion a tout pour \u00eatre heureuse : une\u00a0boutique de mode\u00a0dans la vieille ville d\u2019Antibes, une\u00a0relation amoureuse\u00a0depuis plus d\u2019un an avec Thomas, un coach sportif sexy, une\u00a0meilleure amie en or\u00a0avec qui elle partage de folles soir\u00e9es filles\u2026 Quand [&hellip;]<\/p>\n","protected":false},"featured_media":386,"comment_status":"closed","ping_status":"closed","template":"","meta":[],"product_brand":[],"product_cat":[29],"product_tag":[30],"class_list":{"0":"post-497","1":"product","2":"type-product","3":"status-publish","4":"has-post-thumbnail","6":"product_cat-feelgood","7":"product_tag-feelgood","9":"first","10":"instock","11":"taxable","12":"shipping-taxable","13":"purchasable","14":"product-type-simple"},"yoast_head":"<!-- This site is optimized with the Yoast SEO plugin v27.5 - https:\/\/yoast.com\/product\/yoast-seo-wordpress\/ -->\n<title>L\u2019\u00e9tincelle de la vie - Sybille Marvin<\/title>\n<meta name=\"description\" content=\"Plongez dans le nouveau roman captivant de Marion : une histoire de r\u00e9silience et d&#039;amiti\u00e9. Marion, propri\u00e9taire d&#039;une boutique de mode \u00e0 Antibes, voit sa vie boulevers\u00e9e par une maladie auto-immune et une rupture amoureuse. Soutenue par sa meilleure amie Clarisse et de nouvelles rencontres, elle d\u00e9couvre la force de la douceur face aux d\u00e9fis de la vie. Une lecture inspirante qui redonne espoir et joie de vivre.\" \/>\n<meta name=\"robots\" content=\"index, follow, max-snippet:-1, max-image-preview:large, max-video-preview:-1\" \/>\n<link rel=\"canonical\" href=\"https:\/\/sybillemarvin.com\/index.php\/produit\/l_etincelle_de_la_vie_feelgood\/\" \/>\n<meta property=\"og:locale\" content=\"fr_FR\" \/>\n<meta property=\"og:type\" content=\"article\" \/>\n<meta property=\"og:title\" content=\"L\u2019\u00e9tincelle de la vie - Sybille Marvin\" \/>\n<meta property=\"og:description\" content=\"Plongez dans le nouveau roman captivant de Marion : une histoire de r\u00e9silience et d&#039;amiti\u00e9. Marion, propri\u00e9taire d&#039;une boutique de mode \u00e0 Antibes, voit sa vie boulevers\u00e9e par une maladie auto-immune et une rupture amoureuse. Soutenue par sa meilleure amie Clarisse et de nouvelles rencontres, elle d\u00e9couvre la force de la douceur face aux d\u00e9fis de la vie. Une lecture inspirante qui redonne espoir et joie de vivre.\" \/>\n<meta property=\"og:url\" content=\"https:\/\/sybillemarvin.com\/index.php\/produit\/l_etincelle_de_la_vie_feelgood\/\" \/>\n<meta property=\"og:site_name\" content=\"Sybille Marvin\" \/>\n<meta property=\"article:publisher\" content=\"https:\/\/www.facebook.com\/people\/Sybille-Marvin\/pfbid0RmhxE8VKfphhY3YttAS7QKAtqhbfSNSvVz1U761sS4WK4gnhRzLCUJa9GxmBU79ul\/\" \/>\n<meta property=\"article:modified_time\" content=\"2024-07-23T16:26:56+00:00\" \/>\n<meta property=\"og:image\" content=\"http:\/\/sybillemarvin.com\/wp-content\/uploads\/2024\/07\/EV-Couv1-1-BD.jpg\" \/>\n\t<meta property=\"og:image:width\" content=\"370\" \/>\n\t<meta property=\"og:image:height\" content=\"580\" \/>\n\t<meta property=\"og:image:type\" content=\"image\/jpeg\" \/>\n<meta name=\"twitter:card\" content=\"summary_large_image\" \/>\n<meta name=\"twitter:label1\" content=\"Dur\u00e9e de lecture estim\u00e9e\" \/>\n\t<meta name=\"twitter:data1\" content=\"1 minute\" \/>\n<script type=\"application\/ld+json\" class=\"yoast-schema-graph\">{\"@context\":\"https:\\\/\\\/schema.org\",\"@graph\":[{\"@type\":\"WebPage\",\"@id\":\"https:\\\/\\\/sybillemarvin.com\\\/index.php\\\/produit\\\/l_etincelle_de_la_vie_feelgood\\\/\",\"url\":\"https:\\\/\\\/sybillemarvin.com\\\/index.php\\\/produit\\\/l_etincelle_de_la_vie_feelgood\\\/\",\"name\":\"L\u2019\u00e9tincelle de la vie - Sybille Marvin\",\"isPartOf\":{\"@id\":\"https:\\\/\\\/sybillemarvin.com\\\/#website\"},\"primaryImageOfPage\":{\"@id\":\"https:\\\/\\\/sybillemarvin.com\\\/index.php\\\/produit\\\/l_etincelle_de_la_vie_feelgood\\\/#primaryimage\"},\"image\":{\"@id\":\"https:\\\/\\\/sybillemarvin.com\\\/index.php\\\/produit\\\/l_etincelle_de_la_vie_feelgood\\\/#primaryimage\"},\"thumbnailUrl\":\"https:\\\/\\\/sybillemarvin.com\\\/wp-content\\\/uploads\\\/2024\\\/07\\\/EV-Couv1-1-BD.jpg\",\"datePublished\":\"2024-07-22T13:46:31+00:00\",\"dateModified\":\"2024-07-23T16:26:56+00:00\",\"description\":\"Plongez dans le nouveau roman captivant de Marion : une histoire de r\u00e9silience et d'amiti\u00e9. Marion, propri\u00e9taire d'une boutique de mode \u00e0 Antibes, voit sa vie boulevers\u00e9e par une maladie auto-immune et une rupture amoureuse. Soutenue par sa meilleure amie Clarisse et de nouvelles rencontres, elle d\u00e9couvre la force de la douceur face aux d\u00e9fis de la vie. Une lecture inspirante qui redonne espoir et joie de vivre.\",\"breadcrumb\":{\"@id\":\"https:\\\/\\\/sybillemarvin.com\\\/index.php\\\/produit\\\/l_etincelle_de_la_vie_feelgood\\\/#breadcrumb\"},\"inLanguage\":\"fr-FR\",\"potentialAction\":[{\"@type\":\"ReadAction\",\"target\":[\"https:\\\/\\\/sybillemarvin.com\\\/index.php\\\/produit\\\/l_etincelle_de_la_vie_feelgood\\\/\"]}]},{\"@type\":\"ImageObject\",\"inLanguage\":\"fr-FR\",\"@id\":\"https:\\\/\\\/sybillemarvin.com\\\/index.php\\\/produit\\\/l_etincelle_de_la_vie_feelgood\\\/#primaryimage\",\"url\":\"https:\\\/\\\/sybillemarvin.com\\\/wp-content\\\/uploads\\\/2024\\\/07\\\/EV-Couv1-1-BD.jpg\",\"contentUrl\":\"https:\\\/\\\/sybillemarvin.com\\\/wp-content\\\/uploads\\\/2024\\\/07\\\/EV-Couv1-1-BD.jpg\",\"width\":370,\"height\":580},{\"@type\":\"BreadcrumbList\",\"@id\":\"https:\\\/\\\/sybillemarvin.com\\\/index.php\\\/produit\\\/l_etincelle_de_la_vie_feelgood\\\/#breadcrumb\",\"itemListElement\":[{\"@type\":\"ListItem\",\"position\":1,\"name\":\"Accueil\",\"item\":\"https:\\\/\\\/sybillemarvin.com\\\/\"},{\"@type\":\"ListItem\",\"position\":2,\"name\":\"Boutique\",\"item\":\"https:\\\/\\\/sybillemarvin.com\\\/index.php\\\/boutique\\\/\"},{\"@type\":\"ListItem\",\"position\":3,\"name\":\"L\u2019\u00e9tincelle de la vie\"}]},{\"@type\":\"WebSite\",\"@id\":\"https:\\\/\\\/sybillemarvin.com\\\/#website\",\"url\":\"https:\\\/\\\/sybillemarvin.com\\\/\",\"name\":\"Sybille Marvin\",\"description\":\"Autrice\",\"publisher\":{\"@id\":\"https:\\\/\\\/sybillemarvin.com\\\/#organization\"},\"potentialAction\":[{\"@type\":\"SearchAction\",\"target\":{\"@type\":\"EntryPoint\",\"urlTemplate\":\"https:\\\/\\\/sybillemarvin.com\\\/?s={search_term_string}\"},\"query-input\":{\"@type\":\"PropertyValueSpecification\",\"valueRequired\":true,\"valueName\":\"search_term_string\"}}],\"inLanguage\":\"fr-FR\"},{\"@type\":\"Organization\",\"@id\":\"https:\\\/\\\/sybillemarvin.com\\\/#organization\",\"name\":\"Sybille Marvin\",\"url\":\"https:\\\/\\\/sybillemarvin.com\\\/\",\"logo\":{\"@type\":\"ImageObject\",\"inLanguage\":\"fr-FR\",\"@id\":\"https:\\\/\\\/sybillemarvin.com\\\/#\\\/schema\\\/logo\\\/image\\\/\",\"url\":\"https:\\\/\\\/sybillemarvin.com\\\/wp-content\\\/uploads\\\/2024\\\/06\\\/DALL\u00b7E-2024-06-05-17.27.58-Create-a-logo-for-a-novelist-named-Sybille-Marvin.-The-design-should-be-elegant-and-literary-incorporating-elements-such-as-a-quill-pen-an-open-book.webp\",\"contentUrl\":\"https:\\\/\\\/sybillemarvin.com\\\/wp-content\\\/uploads\\\/2024\\\/06\\\/DALL\u00b7E-2024-06-05-17.27.58-Create-a-logo-for-a-novelist-named-Sybille-Marvin.-The-design-should-be-elegant-and-literary-incorporating-elements-such-as-a-quill-pen-an-open-book.webp\",\"width\":1024,\"height\":1024,\"caption\":\"Sybille Marvin\"},\"image\":{\"@id\":\"https:\\\/\\\/sybillemarvin.com\\\/#\\\/schema\\\/logo\\\/image\\\/\"},\"sameAs\":[\"https:\\\/\\\/www.facebook.com\\\/people\\\/Sybille-Marvin\\\/pfbid0RmhxE8VKfphhY3YttAS7QKAtqhbfSNSvVz1U761sS4WK4gnhRzLCUJa9GxmBU79ul\\\/\",\"https:\\\/\\\/www.instagram.com\\\/sybillemarvin\\\/\"]}]}<\/script>\n<!-- \/ Yoast SEO plugin. -->","yoast_head_json":{"title":"L\u2019\u00e9tincelle de la vie - Sybille Marvin","description":"Plongez dans le nouveau roman captivant de Marion : une histoire de r\u00e9silience et d'amiti\u00e9. Marion, propri\u00e9taire d'une boutique de mode \u00e0 Antibes, voit sa vie boulevers\u00e9e par une maladie auto-immune et une rupture amoureuse. Soutenue par sa meilleure amie Clarisse et de nouvelles rencontres, elle d\u00e9couvre la force de la douceur face aux d\u00e9fis de la vie. Une lecture inspirante qui redonne espoir et joie de vivre.","robots":{"index":"index","follow":"follow","max-snippet":"max-snippet:-1","max-image-preview":"max-image-preview:large","max-video-preview":"max-video-preview:-1"},"canonical":"https:\/\/sybillemarvin.com\/index.php\/produit\/l_etincelle_de_la_vie_feelgood\/","og_locale":"fr_FR","og_type":"article","og_title":"L\u2019\u00e9tincelle de la vie - Sybille Marvin","og_description":"Plongez dans le nouveau roman captivant de Marion : une histoire de r\u00e9silience et d'amiti\u00e9. Marion, propri\u00e9taire d'une boutique de mode \u00e0 Antibes, voit sa vie boulevers\u00e9e par une maladie auto-immune et une rupture amoureuse. Soutenue par sa meilleure amie Clarisse et de nouvelles rencontres, elle d\u00e9couvre la force de la douceur face aux d\u00e9fis de la vie. Une lecture inspirante qui redonne espoir et joie de vivre.","og_url":"https:\/\/sybillemarvin.com\/index.php\/produit\/l_etincelle_de_la_vie_feelgood\/","og_site_name":"Sybille Marvin","article_publisher":"https:\/\/www.facebook.com\/people\/Sybille-Marvin\/pfbid0RmhxE8VKfphhY3YttAS7QKAtqhbfSNSvVz1U761sS4WK4gnhRzLCUJa9GxmBU79ul\/","article_modified_time":"2024-07-23T16:26:56+00:00","og_image":[{"width":370,"height":580,"url":"http:\/\/sybillemarvin.com\/wp-content\/uploads\/2024\/07\/EV-Couv1-1-BD.jpg","type":"image\/jpeg"}],"twitter_card":"summary_large_image","twitter_misc":{"Dur\u00e9e de lecture estim\u00e9e":"1 minute"},"schema":{"@context":"https:\/\/schema.org","@graph":[{"@type":"WebPage","@id":"https:\/\/sybillemarvin.com\/index.php\/produit\/l_etincelle_de_la_vie_feelgood\/","url":"https:\/\/sybillemarvin.com\/index.php\/produit\/l_etincelle_de_la_vie_feelgood\/","name":"L\u2019\u00e9tincelle de la vie - Sybille Marvin","isPartOf":{"@id":"https:\/\/sybillemarvin.com\/#website"},"primaryImageOfPage":{"@id":"https:\/\/sybillemarvin.com\/index.php\/produit\/l_etincelle_de_la_vie_feelgood\/#primaryimage"},"image":{"@id":"https:\/\/sybillemarvin.com\/index.php\/produit\/l_etincelle_de_la_vie_feelgood\/#primaryimage"},"thumbnailUrl":"https:\/\/sybillemarvin.com\/wp-content\/uploads\/2024\/07\/EV-Couv1-1-BD.jpg","datePublished":"2024-07-22T13:46:31+00:00","dateModified":"2024-07-23T16:26:56+00:00","description":"Plongez dans le nouveau roman captivant de Marion : une histoire de r\u00e9silience et d'amiti\u00e9. Marion, propri\u00e9taire d'une boutique de mode \u00e0 Antibes, voit sa vie boulevers\u00e9e par une maladie auto-immune et une rupture amoureuse. Soutenue par sa meilleure amie Clarisse et de nouvelles rencontres, elle d\u00e9couvre la force de la douceur face aux d\u00e9fis de la vie. Une lecture inspirante qui redonne espoir et joie de vivre.","breadcrumb":{"@id":"https:\/\/sybillemarvin.com\/index.php\/produit\/l_etincelle_de_la_vie_feelgood\/#breadcrumb"},"inLanguage":"fr-FR","potentialAction":[{"@type":"ReadAction","target":["https:\/\/sybillemarvin.com\/index.php\/produit\/l_etincelle_de_la_vie_feelgood\/"]}]},{"@type":"ImageObject","inLanguage":"fr-FR","@id":"https:\/\/sybillemarvin.com\/index.php\/produit\/l_etincelle_de_la_vie_feelgood\/#primaryimage","url":"https:\/\/sybillemarvin.com\/wp-content\/uploads\/2024\/07\/EV-Couv1-1-BD.jpg","contentUrl":"https:\/\/sybillemarvin.com\/wp-content\/uploads\/2024\/07\/EV-Couv1-1-BD.jpg","width":370,"height":580},{"@type":"BreadcrumbList","@id":"https:\/\/sybillemarvin.com\/index.php\/produit\/l_etincelle_de_la_vie_feelgood\/#breadcrumb","itemListElement":[{"@type":"ListItem","position":1,"name":"Accueil","item":"https:\/\/sybillemarvin.com\/"},{"@type":"ListItem","position":2,"name":"Boutique","item":"https:\/\/sybillemarvin.com\/index.php\/boutique\/"},{"@type":"ListItem","position":3,"name":"L\u2019\u00e9tincelle de la vie"}]},{"@type":"WebSite","@id":"https:\/\/sybillemarvin.com\/#website","url":"https:\/\/sybillemarvin.com\/","name":"Sybille Marvin","description":"Autrice","publisher":{"@id":"https:\/\/sybillemarvin.com\/#organization"},"potentialAction":[{"@type":"SearchAction","target":{"@type":"EntryPoint","urlTemplate":"https:\/\/sybillemarvin.com\/?s={search_term_string}"},"query-input":{"@type":"PropertyValueSpecification","valueRequired":true,"valueName":"search_term_string"}}],"inLanguage":"fr-FR"},{"@type":"Organization","@id":"https:\/\/sybillemarvin.com\/#organization","name":"Sybille Marvin","url":"https:\/\/sybillemarvin.com\/","logo":{"@type":"ImageObject","inLanguage":"fr-FR","@id":"https:\/\/sybillemarvin.com\/#\/schema\/logo\/image\/","url":"https:\/\/sybillemarvin.com\/wp-content\/uploads\/2024\/06\/DALL\u00b7E-2024-06-05-17.27.58-Create-a-logo-for-a-novelist-named-Sybille-Marvin.-The-design-should-be-elegant-and-literary-incorporating-elements-such-as-a-quill-pen-an-open-book.webp","contentUrl":"https:\/\/sybillemarvin.com\/wp-content\/uploads\/2024\/06\/DALL\u00b7E-2024-06-05-17.27.58-Create-a-logo-for-a-novelist-named-Sybille-Marvin.-The-design-should-be-elegant-and-literary-incorporating-elements-such-as-a-quill-pen-an-open-book.webp","width":1024,"height":1024,"caption":"Sybille Marvin"},"image":{"@id":"https:\/\/sybillemarvin.com\/#\/schema\/logo\/image\/"},"sameAs":["https:\/\/www.facebook.com\/people\/Sybille-Marvin\/pfbid0RmhxE8VKfphhY3YttAS7QKAtqhbfSNSvVz1U761sS4WK4gnhRzLCUJa9GxmBU79ul\/","https:\/\/www.instagram.com\/sybillemarvin\/"]}]}},"jetpack_sharing_enabled":true,"_links":{"self":[{"href":"https:\/\/sybillemarvin.com\/index.php\/wp-json\/wp\/v2\/product\/497","targetHints":{"allow":["GET"]}}],"collection":[{"href":"https:\/\/sybillemarvin.com\/index.php\/wp-json\/wp\/v2\/product"}],"about":[{"href":"https:\/\/sybillemarvin.com\/index.php\/wp-json\/wp\/v2\/types\/product"}],"replies":[{"embeddable":true,"href":"https:\/\/sybillemarvin.com\/index.php\/wp-json\/wp\/v2\/comments?post=497"}],"wp:featuredmedia":[{"embeddable":true,"href":"https:\/\/sybillemarvin.com\/index.php\/wp-json\/wp\/v2\/media\/386"}],"wp:attachment":[{"href":"https:\/\/sybillemarvin.com\/index.php\/wp-json\/wp\/v2\/media?parent=497"}],"wp:term":[{"taxonomy":"product_brand","embeddable":true,"href":"https:\/\/sybillemarvin.com\/index.php\/wp-json\/wp\/v2\/product_brand?post=497"},{"taxonomy":"product_cat","embeddable":true,"href":"https:\/\/sybillemarvin.com\/index.php\/wp-json\/wp\/v2\/product_cat?post=497"},{"taxonomy":"product_tag","embeddable":true,"href":"https:\/\/sybillemarvin.com\/index.php\/wp-json\/wp\/v2\/product_tag?post=497"}],"curies":[{"name":"wp","href":"https:\/\/api.w.org\/{rel}","templated":true}]}}